{"id":7,"date":"2019-08-27T20:49:52","date_gmt":"2019-08-27T18:49:52","guid":{"rendered":"http:\/\/matiasmiguel.es\/?page_id=7"},"modified":"2022-01-05T19:29:33","modified_gmt":"2022-01-05T18:29:33","slug":"documentos-de-interes","status":"publish","type":"page","link":"https:\/\/www.matiasmiguel.es\/?page_id=7","title":{"rendered":"NOTICIAS"},"content":{"rendered":"\t\t<div data-elementor-type=\"wp-page\" data-elementor-id=\"7\" class=\"elementor elementor-7\">\n\t\t\t\t\t\t<section class=\"elementor-section elementor-top-section elementor-element elementor-element-b828428 elementor-section-boxed elementor-section-height-default elementor-section-height-default\" data-id=\"b828428\" data-element_type=\"section\" data-e-type=\"section\">\n\t\t\t\t\t\t<div class=\"elementor-container elementor-column-gap-default\">\n\t\t\t\t\t<div class=\"elementor-column elementor-col-100 elementor-top-column elementor-element elementor-element-4b6a20e\" data-id=\"4b6a20e\" data-element_type=\"column\" data-e-type=\"column\">\n\t\t\t<div class=\"elementor-widget-wrap elementor-element-populated\">\n\t\t\t\t\t\t<div class=\"elementor-element elementor-element-1a403fd elementor-widget elementor-widget-shortcode\" data-id=\"1a403fd\" data-element_type=\"widget\" data-e-type=\"widget\" data-widget_type=\"shortcode.default\">\n\t\t\t\t<div class=\"elementor-widget-container\">\n\t\t\t\t\t\t\t<div class=\"elementor-shortcode\"><div class=\"wp-rss-template-container\" data-wpra-template=\"default\" data-template-ctx=\"W10=\">\n    <div class=\"wp-rss-aggregator wpra-list-template  \" data-page=\"1\">\n    \n    \n<ul class=\"wpra-item-list rss-aggregator wpra-item-list--bullets wpra-item-list--default\"\n    start=\"1\">\n                        <li class=\"wpra-item feed-item \">\n            \n            \n\n    <a  href=\"http:\/\/www.poderjudicial.es\/cgpj\/es\/Poder-Judicial\/Consejo-General-del-Poder-Judicial\/Oficina-de-Comunicacion\/Archivo-de-notas-de-prensa\/El-CGPJ-designa-al-magistrado-de-la-Audiencia-de-Malaga-Miguel-Angel-Torres-para-reforzar-el-Tribunal-de-Instancia-de-Ceuta\" target=\"_blank\" rel=\"nofollow\" class=\"\">El CGPJ designa al magistrado de la Audiencia de M\u00e1laga Miguel \u00c1ngel Torres para reforzar el Tribunal de Instancia de Ceuta<\/a>\n\n\n\n\n\n\n<div class=\"wprss-feed-meta\">\n    \n            <span class=\"feed-date\">\n            Published on 28-08-2026\n        <\/span>\n    \n    <\/div>\n\n\n\n\n\n            \n        <\/li>\n                    <li class=\"wpra-item feed-item \">\n            \n            \n\n    <a  href=\"https:\/\/www.boe.es\/diario_boe\/txt.php?id=BOE-A-2026-18261\" target=\"_blank\" rel=\"nofollow\" class=\"\">Orden PJC\/903\/2026, de 26 de agosto, por la que se modifica el anexo II del Real Decreto 1205\/2011, de 26 de agosto, sobre la seguridad de los juguetes.<\/a>\n\n\n\n\n\n\n<div class=\"wprss-feed-meta\">\n    \n            <span class=\"feed-date\">\n            Published on 28-08-2026\n        <\/span>\n    \n    <\/div>\n\n\n\n\n\n            \n        <\/li>\n                    <li class=\"wpra-item feed-item \">\n            \n            \n\n    <a  href=\"http:\/\/www.poderjudicial.es\/cgpj\/es\/Poder-Judicial\/Consejo-General-del-Poder-Judicial\/Oficina-de-Comunicacion\/Archivo-de-notas-de-prensa\/El-CGPJ-toma-conocimiento-de-las-medidas-de-refuerzo-en-Ceuta-adoptadas-por-razones-de-urgencia-por-el-Tribunal-Superior-de-Justicia-de-Andalucia-\" target=\"_blank\" rel=\"nofollow\" class=\"\">El CGPJ toma conocimiento de las medidas de refuerzo en Ceuta adoptadas por razones de urgencia por el Tribunal Superior de Justicia de Andaluc\u00eda<\/a>\n\n\n\n\n\n\n<div class=\"wprss-feed-meta\">\n    \n            <span class=\"feed-date\">\n            Published on 25-08-2026\n        <\/span>\n    \n    <\/div>\n\n\n\n\n\n            \n        <\/li>\n                    <li class=\"wpra-item feed-item \">\n            \n            \n\n    <a  href=\"http:\/\/www.poderjudicial.es\/cgpj\/es\/Poder-Judicial\/Tribunales-Superiores-de-Justicia\/TSJ-Navarra\/Oficina-de-Comunicacion\/Notas-de-prensa\/El-Tribunal-Superior-de-Navarra-reconoce-a-una-trabajadora-el-derecho-a-teletrabajar-el-100--de-la-jornada-para-cuidar-de-su-madre-enferma\" target=\"_blank\" rel=\"nofollow\" class=\"\">El Tribunal Superior de Navarra reconoce a una trabajadora el derecho a teletrabajar el 100% de la jornada para cuidar de su madre enferma<\/a>\n\n\n\n\n\n\n<div class=\"wprss-feed-meta\">\n    \n            <span class=\"feed-date\">\n            Published on 24-08-2026\n        <\/span>\n    \n    <\/div>\n\n\n\n\n\n            \n        <\/li>\n                    <li class=\"wpra-item feed-item \">\n            \n            \n\n    <a  href=\"http:\/\/www.poderjudicial.es\/cgpj\/es\/Poder-Judicial\/Tribunales-Superiores-de-Justicia\/TSJ-Navarra\/Oficina-de-Comunicacion\/Notas-de-prensa\/La-Audiencia-de-Navarra-condena-a-5-anos-de-prision-a-cuatro-acusados-de-trafico-de-drogas-en-la-Ribera\" target=\"_blank\" rel=\"nofollow\" class=\"\">La Audiencia de Navarra condena a 5 a\u00f1os de prisi\u00f3n a cuatro acusados de tr\u00e1fico de drogas en la Ribera<\/a>\n\n\n\n\n\n\n<div class=\"wprss-feed-meta\">\n    \n            <span class=\"feed-date\">\n            Published on 20-08-2026\n        <\/span>\n    \n    <\/div>\n\n\n\n\n\n            \n        <\/li>\n                    <li class=\"wpra-item feed-item \">\n            \n            \n\n    <a  href=\"https:\/\/www.boe.es\/buscar\/doc.php?id=DOUE-L-2026-81312\" target=\"_blank\" rel=\"nofollow\" class=\"\">Reglamento Delegado (UE) 2026\/1061 de la Comisi\u00f3n, de 7 de mayo de 2026, por el que se modifica el Reglamento Delegado (UE) 2019\/980 en lo que respecta al formato y la secuencia normalizados y al contenido, el examen y la aprobaci\u00f3n racionalizados del folleto.<\/a>\n\n\n\n\n\n\n<div class=\"wprss-feed-meta\">\n    \n            <span class=\"feed-date\">\n            Published on 13-08-2026\n        <\/span>\n    \n    <\/div>\n\n\n\n\n\n            \n        <\/li>\n                    <li class=\"wpra-item feed-item \">\n            \n            \n\n    <a  href=\"https:\/\/www.boe.es\/buscar\/doc.php?id=DOUE-L-2026-81306\" target=\"_blank\" rel=\"nofollow\" class=\"\">Correcci\u00f3n de errores del Reglamento (UE) 2025\/2509 del Parlamento Europeo y del Consejo, de 26 de noviembre de 2025, relativo a la seguridad de los juguetes y por el que se deroga la Directiva 2009\/48\/CE.<\/a>\n\n\n\n\n\n\n<div class=\"wprss-feed-meta\">\n    \n            <span class=\"feed-date\">\n            Published on 11-08-2026\n        <\/span>\n    \n    <\/div>\n\n\n\n\n\n            \n        <\/li>\n                    <li class=\"wpra-item feed-item \">\n            \n            \n\n    <a  href=\"https:\/\/www.expansion.com\/juridico\/sentencias\/2026\/08\/07\/6a746aaa468aeb07788b45ad.html\" target=\"_blank\" rel=\"nofollow\" class=\"\">\u00bfPueden unos 'posts' de Shein en Instagram costar el empleo a una embarazada durante el periodo de prueba?<\/a>\n\n\n\n\n\n\n<div class=\"wprss-feed-meta\">\n    \n            <span class=\"feed-date\">\n            Published on 07-08-2026\n        <\/span>\n    \n    <\/div>\n\n\n\n\n\n            \n        <\/li>\n                    <li class=\"wpra-item feed-item \">\n            \n            \n\n    <a  href=\"https:\/\/www.boe.es\/buscar\/doc.php?id=DOUE-L-2026-81251\" target=\"_blank\" rel=\"nofollow\" class=\"\">Correcci\u00f3n de errores del Reglamento Delegado (UE) 2026\/773 de la Comisi\u00f3n, de 4 de marzo de 2026, por el que se modifica el Reglamento Delegado (UE) 2019\/980 en lo que respecta al contenido reducido y al formato y la secuencia normalizados del folleto de la Uni\u00f3n de seguimiento y del folleto de emisi\u00f3n de la Uni\u00f3n de crecimiento.<\/a>\n\n\n\n\n\n\n<div class=\"wprss-feed-meta\">\n    \n            <span class=\"feed-date\">\n            Published on 31-07-2026\n        <\/span>\n    \n    <\/div>\n\n\n\n\n\n            \n        <\/li>\n                    <li class=\"wpra-item feed-item \">\n            \n            \n\n    <a  href=\"https:\/\/www.expansion.com\/juridico\/sentencias\/2026\/07\/27\/6a67a04fe5fdeaaa698b45a1.html\" target=\"_blank\" rel=\"nofollow\" class=\"\">\u00bfEs accidente laboral el fallecimiento por un golpe de calor?<\/a>\n\n\n\n\n\n\n<div class=\"wprss-feed-meta\">\n    \n            <span class=\"feed-date\">\n            Published on 27-07-2026\n        <\/span>\n    \n    <\/div>\n\n\n\n\n\n            \n        <\/li>\n                    <li class=\"wpra-item feed-item \">\n            \n            \n\n    <a  href=\"http:\/\/www.poderjudicial.es\/cgpj\/es\/Poder-Judicial\/Consejo-General-del-Poder-Judicial\/Oficina-de-Comunicacion\/Archivo-de-notas-de-prensa\/La-Comision-Permanente-constata-que-las-sedes-judiciales-de-los-partidos-afectados-por-los-incendios-funcionan-con-normalidad-y-descarta-por-el-momento-la-adopcion-de-medidas-extraordinarias\" target=\"_blank\" rel=\"nofollow\" class=\"\">La Comisi\u00f3n Permanente constata que las sedes judiciales de los partidos afectados por los incendios funcionan con normalidad y descarta por el momento la adopci\u00f3n de medidas extraordinarias<\/a>\n\n\n\n\n\n\n<div class=\"wprss-feed-meta\">\n    \n            <span class=\"feed-date\">\n            Published on 27-07-2026\n        <\/span>\n    \n    <\/div>\n\n\n\n\n\n            \n        <\/li>\n                    <li class=\"wpra-item feed-item \">\n            \n            \n\n    <a  href=\"https:\/\/www.boe.es\/diario_boe\/txt.php?id=BOE-A-2026-16342\" target=\"_blank\" rel=\"nofollow\" class=\"\">Resoluci\u00f3n de 9 de julio de 2026, de la Direcci\u00f3n General de Pol\u00edtica Energ\u00e9tica y Minas, por la que se fija el precio medio de la energ\u00eda a aplicar en el c\u00e1lculo de la retribuci\u00f3n del servicio de gesti\u00f3n de la demanda de interrumpibilidad prestado por los consumidores de los sistemas el\u00e9ctricos de los territorios no peninsulares a los que resulta de aplicaci\u00f3n la Orden ITC\/2370\/2007, de 26 de julio, durante el tercer trimestre de 2026.<\/a>\n\n\n\n\n\n\n<div class=\"wprss-feed-meta\">\n    \n            <span class=\"feed-date\">\n            Published on 27-07-2026\n        <\/span>\n    \n    <\/div>\n\n\n\n\n\n            \n        <\/li>\n                    <li class=\"wpra-item feed-item \">\n            \n            \n\n    <a  href=\"https:\/\/www.expansion.com\/juridico\/sentencias\/2026\/07\/21\/6a5f3409e5fdeaf2678b4580.html\" target=\"_blank\" rel=\"nofollow\" class=\"\">La Justicia avala el despido de un empleado por un conflicto de inter\u00e9s con su propia madre<\/a>\n\n\n\n\n\n\n<div class=\"wprss-feed-meta\">\n    \n            <span class=\"feed-date\">\n            Published on 21-07-2026\n        <\/span>\n    \n    <\/div>\n\n\n\n\n\n            \n        <\/li>\n                    <li class=\"wpra-item feed-item \">\n            \n            \n\n    <a  href=\"https:\/\/www.expansion.com\/juridico\/sentencias\/2026\/07\/17\/6a551cca468aeb85748b4592.html\" target=\"_blank\" rel=\"nofollow\" class=\"\">Ocultar un conflicto de inter\u00e9s es motivo de despido disciplinario<\/a>\n\n\n\n\n\n\n<div class=\"wprss-feed-meta\">\n    \n            <span class=\"feed-date\">\n            Published on 17-07-2026\n        <\/span>\n    \n    <\/div>\n\n\n\n\n\n            \n        <\/li>\n                    <li class=\"wpra-item feed-item \">\n            \n            \n\n    <a  href=\"https:\/\/www.expansion.com\/juridico\/sentencias\/2026\/07\/10\/6a4fa6ede5fdeaab3f8b4578.html\" target=\"_blank\" rel=\"nofollow\" class=\"\">Bullpadel gana la partida por defender su marca ante una compa\u00f1\u00eda portuguesa<\/a>\n\n\n\n\n\n\n<div class=\"wprss-feed-meta\">\n    \n            <span class=\"feed-date\">\n            Published on 10-07-2026\n        <\/span>\n    \n    <\/div>\n\n\n\n\n\n            \n        <\/li>\n        <\/ul>\n\n        \n<\/div>\n\n<\/div>\n<\/div>\n\t\t\t\t\t\t<\/div>\n\t\t\t\t<\/div>\n\t\t\t\t\t<\/div>\n\t\t<\/div>\n\t\t\t\t\t<\/div>\n\t\t<\/section>\n\t\t\t\t<\/div>\n\t\t","protected":false},"excerpt":{"rendered":"","protected":false},"author":1,"featured_media":0,"parent":0,"menu_order":2,"comment_status":"closed","ping_status":"closed","template":"","meta":{"_joinchat":[],"footnotes":""},"class_list":["post-7","page","type-page","status-publish","hentry"],"_links":{"self":[{"href":"https:\/\/www.matiasmiguel.es\/index.php?rest_route=\/wp\/v2\/pages\/7","targetHints":{"allow":["GET"]}}],"collection":[{"href":"https:\/\/www.matiasmiguel.es\/index.php?rest_route=\/wp\/v2\/pages"}],"about":[{"href":"https:\/\/www.matiasmiguel.es\/index.php?rest_route=\/wp\/v2\/types\/page"}],"author":[{"embeddable":true,"href":"https:\/\/www.matiasmiguel.es\/index.php?rest_route=\/wp\/v2\/users\/1"}],"replies":[{"embeddable":true,"href":"https:\/\/www.matiasmiguel.es\/index.php?rest_route=%2Fwp%2Fv2%2Fcomments&post=7"}],"version-history":[{"count":33,"href":"https:\/\/www.matiasmiguel.es\/index.php?rest_route=\/wp\/v2\/pages\/7\/revisions"}],"predecessor-version":[{"id":648,"href":"https:\/\/www.matiasmiguel.es\/index.php?rest_route=\/wp\/v2\/pages\/7\/revisions\/648"}],"wp:attachment":[{"href":"https:\/\/www.matiasmiguel.es\/index.php?rest_route=%2Fwp%2Fv2%2Fmedia&parent=7"}],"curies":[{"name":"wp","href":"https:\/\/api.w.org\/{rel}","templated":true}]}}